{"id":301,"date":"2021-01-21T13:48:17","date_gmt":"2021-01-21T12:48:17","guid":{"rendered":"https:\/\/www.visitrans.com\/?page_id=301"},"modified":"2023-08-22T16:27:27","modified_gmt":"2023-08-22T14:27:27","slug":"blog","status":"publish","type":"page","link":"https:\/\/www.visitrans.com\/en\/blog\/","title":{"rendered":"Blog"},"content":{"rendered":"<div data-elementor-type=\"wp-page\" data-elementor-id=\"301\" class=\"elementor elementor-301\" data-elementor-post-type=\"page\">\n\t\t\t\t\t\t<section class=\"elementor-section elementor-top-section elementor-element elementor-element-59d7cc9c elementor-section-height-min-height elementor-section-content-middle elementor-section-items-bottom elementor-section-boxed elementor-section-height-default\" data-id=\"59d7cc9c\" data-element_type=\"section\" data-e-type=\"section\" data-settings=\"{&quot;background_background&quot;:&quot;classic&quot;}\">\n\t\t\t\t\t\t\t<div class=\"elementor-background-overlay\"><\/div>\n\t\t\t\t\t\t\t<div class=\"elementor-container elementor-column-gap-no\">\n\t\t\t\t\t<div class=\"elementor-column elementor-col-100 elementor-top-column elementor-element elementor-element-59fa438\" data-id=\"59fa438\" data-element_type=\"column\" data-e-type=\"column\">\n\t\t\t<div class=\"elementor-widget-wrap elementor-element-populated\">\n\t\t\t\t\t\t<div class=\"elementor-element elementor-element-69b0308 elementor-widget elementor-widget-heading\" data-id=\"69b0308\" data-element_type=\"widget\" data-e-type=\"widget\" data-widget_type=\"heading.default\">\n\t\t\t\t<div class=\"elementor-widget-container\">\n\t\t\t\t\t<h2 class=\"elementor-heading-title elementor-size-default\">Something is going on with us!<\/h2>\t\t\t\t<\/div>\n\t\t\t\t<\/div>\n\t\t\t\t\t<\/div>\n\t\t<\/div>\n\t\t\t\t\t<\/div>\n\t\t<\/section>\n\t\t\t\t<section class=\"elementor-section elementor-top-section elementor-element elementor-element-47d7395 elementor-section-boxed elementor-section-height-default elementor-section-height-default\" data-id=\"47d7395\" data-element_type=\"section\" data-e-type=\"section\" data-settings=\"{&quot;background_background&quot;:&quot;classic&quot;}\">\n\t\t\t\t\t\t<div class=\"elementor-container elementor-column-gap-no\">\n\t\t\t\t\t<div class=\"elementor-column elementor-col-100 elementor-top-column elementor-element elementor-element-372ae50\" data-id=\"372ae50\" data-element_type=\"column\" data-e-type=\"column\">\n\t\t\t<div class=\"elementor-widget-wrap elementor-element-populated\">\n\t\t\t\t\t\t<div class=\"elementor-element elementor-element-71c0c12 elementor-grid-3 elementor-grid-tablet-2 elementor-grid-mobile-1 elementor-posts--thumbnail-top elementor-card-shadow-yes elementor-posts__hover-gradient elementor-widget elementor-widget-posts\" data-id=\"71c0c12\" data-element_type=\"widget\" data-e-type=\"widget\" data-settings=\"{&quot;cards_row_gap&quot;:{&quot;unit&quot;:&quot;px&quot;,&quot;size&quot;:40,&quot;sizes&quot;:[]},&quot;pagination_type&quot;:&quot;numbers&quot;,&quot;cards_columns&quot;:&quot;3&quot;,&quot;cards_columns_tablet&quot;:&quot;2&quot;,&quot;cards_columns_mobile&quot;:&quot;1&quot;,&quot;cards_row_gap_tablet&quot;:{&quot;unit&quot;:&quot;px&quot;,&quot;size&quot;:&quot;&quot;,&quot;sizes&quot;:[]},&quot;cards_row_gap_mobile&quot;:{&quot;unit&quot;:&quot;px&quot;,&quot;size&quot;:&quot;&quot;,&quot;sizes&quot;:[]}}\" data-widget_type=\"posts.cards\">\n\t\t\t\t<div class=\"elementor-widget-container\">\n\t\t\t\t\t\t\t<div class=\"elementor-posts-container elementor-posts elementor-posts--skin-cards elementor-grid\" role=\"list\">\n\t\t\t\t<article class=\"elementor-post elementor-grid-item post-2990 post type-post status-publish format-standard has-post-thumbnail hentry category-allgemein\" role=\"listitem\">\n\t\t\t<div class=\"elementor-post__card\">\n\t\t\t\t<a class=\"elementor-post__thumbnail__link\" href=\"https:\/\/www.visitrans.com\/en\/visiplan-revolutioniert-mit-ar-technik-den-messebau\/\" tabindex=\"-1\" ><div class=\"elementor-post__thumbnail\"><img fetchpriority=\"high\" decoding=\"async\" width=\"300\" height=\"170\" src=\"https:\/\/www.visitrans.com\/wp-content\/uploads\/2024\/02\/Visiplan-hololens-300x170.jpg\" class=\"attachment-medium size-medium wp-image-2991\" alt=\"\" srcset=\"https:\/\/www.visitrans.com\/wp-content\/uploads\/2024\/02\/Visiplan-hololens-300x170.jpg 300w, https:\/\/www.visitrans.com\/wp-content\/uploads\/2024\/02\/Visiplan-hololens-1024x579.jpg 1024w, https:\/\/www.visitrans.com\/wp-content\/uploads\/2024\/02\/Visiplan-hololens-768x434.jpg 768w, https:\/\/www.visitrans.com\/wp-content\/uploads\/2024\/02\/Visiplan-hololens-1536x868.jpg 1536w, https:\/\/www.visitrans.com\/wp-content\/uploads\/2024\/02\/Visiplan-hololens-18x10.jpg 18w, https:\/\/www.visitrans.com\/wp-content\/uploads\/2024\/02\/Visiplan-hololens.jpg 1914w\" sizes=\"(max-width: 300px) 100vw, 300px\" \/><\/div><\/a>\n\t\t\t\t<div class=\"elementor-post__text\">\n\t\t\t\t<h3 class=\"elementor-post__title\">\n\t\t\t<a href=\"https:\/\/www.visitrans.com\/en\/visiplan-revolutioniert-mit-ar-technik-den-messebau\/\" >\n\t\t\t\tVisiPlan revolutionizes trade fair construction with AR technology\t\t\t<\/a>\n\t\t<\/h3>\n\t\t\t\t<div class=\"elementor-post__excerpt\">\n\t\t\t<p>Entdecken Sie mit VisiPlan, dem AR-Tool von VisiTrans GmbH, eine innovative L\u00f6sung, um Messest\u00e4nde in Hallen pr\u00e4zise einzumessen und dabei signifikante Zeit einzusparen. Mit diesem<\/p>\n\t\t<\/div>\n\t\t\n\t\t<a class=\"elementor-post__read-more\" href=\"https:\/\/www.visitrans.com\/en\/visiplan-revolutioniert-mit-ar-technik-den-messebau\/\" aria-label=\"Read more about VisiPlan revolutioniert mit AR-Technik den Messebau\" tabindex=\"-1\" >\n\t\t\tRead more \u00bb\t\t<\/a>\n\n\t\t\t\t<\/div>\n\t\t\t\t\t<\/div>\n\t\t<\/article>\n\t\t\t\t<article class=\"elementor-post elementor-grid-item post-2950 post type-post status-publish format-standard has-post-thumbnail hentry category-allgemein\" role=\"listitem\">\n\t\t\t<div class=\"elementor-post__card\">\n\t\t\t\t<a class=\"elementor-post__thumbnail__link\" href=\"https:\/\/www.visitrans.com\/en\/thomas-andrae-wie-werden-wir-erfolgreicher-in-der-digitalisierung\/\" tabindex=\"-1\" ><div class=\"elementor-post__thumbnail\"><img decoding=\"async\" width=\"300\" height=\"143\" src=\"https:\/\/www.visitrans.com\/wp-content\/uploads\/2023\/08\/Thomas-Andrae-2-300x143.jpg\" class=\"attachment-medium size-medium wp-image-2951\" alt=\"\" srcset=\"https:\/\/www.visitrans.com\/wp-content\/uploads\/2023\/08\/Thomas-Andrae-2-300x143.jpg 300w, https:\/\/www.visitrans.com\/wp-content\/uploads\/2023\/08\/Thomas-Andrae-2-1024x489.jpg 1024w, https:\/\/www.visitrans.com\/wp-content\/uploads\/2023\/08\/Thomas-Andrae-2-768x367.jpg 768w, https:\/\/www.visitrans.com\/wp-content\/uploads\/2023\/08\/Thomas-Andrae-2-1536x734.jpg 1536w, https:\/\/www.visitrans.com\/wp-content\/uploads\/2023\/08\/Thomas-Andrae-2-18x9.jpg 18w, https:\/\/www.visitrans.com\/wp-content\/uploads\/2023\/08\/Thomas-Andrae-2.jpg 2000w\" sizes=\"(max-width: 300px) 100vw, 300px\" \/><\/div><\/a>\n\t\t\t\t<div class=\"elementor-post__text\">\n\t\t\t\t<h3 class=\"elementor-post__title\">\n\t\t\t<a href=\"https:\/\/www.visitrans.com\/en\/thomas-andrae-wie-werden-wir-erfolgreicher-in-der-digitalisierung\/\" >\n\t\t\t\tThomas Andrae, how do we become more successful in digitization?\t\t\t<\/a>\n\t\t<\/h3>\n\t\t\t\t<div class=\"elementor-post__excerpt\">\n\t\t\t<p>VisiTrans gets a mention in the #DIGDEEP podcast.<br \/>\nThomas Andrae in conversation with Prof. Frauke Kreuter and Dr. Christof Horn.<\/p>\n\t\t<\/div>\n\t\t\n\t\t<a class=\"elementor-post__read-more\" href=\"https:\/\/www.visitrans.com\/en\/thomas-andrae-wie-werden-wir-erfolgreicher-in-der-digitalisierung\/\" aria-label=\"Read more about Thomas Andrae, wie werden wir erfolgreicher in der Digitalisierung?\" tabindex=\"-1\" >\n\t\t\tRead more \u00bb\t\t<\/a>\n\n\t\t\t\t<\/div>\n\t\t\t\t\t<\/div>\n\t\t<\/article>\n\t\t\t\t<article class=\"elementor-post elementor-grid-item post-2919 post type-post status-publish format-standard has-post-thumbnail hentry category-allgemein\" role=\"listitem\">\n\t\t\t<div class=\"elementor-post__card\">\n\t\t\t\t<a class=\"elementor-post__thumbnail__link\" href=\"https:\/\/www.visitrans.com\/en\/support-wir-halten-den-messen-den-ruecken-frei\/\" tabindex=\"-1\" ><div class=\"elementor-post__thumbnail\"><img decoding=\"async\" width=\"300\" height=\"168\" src=\"https:\/\/www.visitrans.com\/wp-content\/uploads\/2023\/08\/support-fuer-messen-visitrans-300x168.jpg\" class=\"attachment-medium size-medium wp-image-2921\" alt=\"\" srcset=\"https:\/\/www.visitrans.com\/wp-content\/uploads\/2023\/08\/support-fuer-messen-visitrans-300x168.jpg 300w, https:\/\/www.visitrans.com\/wp-content\/uploads\/2023\/08\/support-fuer-messen-visitrans-1024x574.jpg 1024w, https:\/\/www.visitrans.com\/wp-content\/uploads\/2023\/08\/support-fuer-messen-visitrans-768x430.jpg 768w, https:\/\/www.visitrans.com\/wp-content\/uploads\/2023\/08\/support-fuer-messen-visitrans-1536x861.jpg 1536w, https:\/\/www.visitrans.com\/wp-content\/uploads\/2023\/08\/support-fuer-messen-visitrans-18x10.jpg 18w, https:\/\/www.visitrans.com\/wp-content\/uploads\/2023\/08\/support-fuer-messen-visitrans.jpg 2000w\" sizes=\"(max-width: 300px) 100vw, 300px\" \/><\/div><\/a>\n\t\t\t\t<div class=\"elementor-post__text\">\n\t\t\t\t<h3 class=\"elementor-post__title\">\n\t\t\t<a href=\"https:\/\/www.visitrans.com\/en\/support-wir-halten-den-messen-den-ruecken-frei\/\" >\n\t\t\t\tSupport - We have the back of the trade fairs!\t\t\t<\/a>\n\t\t<\/h3>\n\t\t\t\t<div class=\"elementor-post__excerpt\">\n\t\t\t<p>VisiTrans revolutionizes the heart of the business world - trade shows. Industry experts showcase innovations and build relationships while VisiTrans keeps heavy traffic moving smoothly. Discover the smarter platforms for trade shows!<\/p>\n\t\t<\/div>\n\t\t\n\t\t<a class=\"elementor-post__read-more\" href=\"https:\/\/www.visitrans.com\/en\/support-wir-halten-den-messen-den-ruecken-frei\/\" aria-label=\"Read more about Support \u2013 Wir halten den Messen den R\u00fccken frei!\" tabindex=\"-1\" >\n\t\t\tRead more \u00bb\t\t<\/a>\n\n\t\t\t\t<\/div>\n\t\t\t\t\t<\/div>\n\t\t<\/article>\n\t\t\t\t<article class=\"elementor-post elementor-grid-item post-2783 post type-post status-publish format-standard has-post-thumbnail hentry category-allgemein\" role=\"listitem\">\n\t\t\t<div class=\"elementor-post__card\">\n\t\t\t\t<a class=\"elementor-post__thumbnail__link\" href=\"https:\/\/www.visitrans.com\/en\/messe-stuttgart-ab-09-24-visifair22\/\" tabindex=\"-1\" ><div class=\"elementor-post__thumbnail\"><img loading=\"lazy\" decoding=\"async\" width=\"300\" height=\"147\" src=\"https:\/\/www.visitrans.com\/wp-content\/uploads\/2023\/08\/visifair-messe-stuttgart-300x147.jpg\" class=\"attachment-medium size-medium wp-image-2932\" alt=\"\" srcset=\"https:\/\/www.visitrans.com\/wp-content\/uploads\/2023\/08\/visifair-messe-stuttgart-300x147.jpg 300w, https:\/\/www.visitrans.com\/wp-content\/uploads\/2023\/08\/visifair-messe-stuttgart-1024x501.jpg 1024w, https:\/\/www.visitrans.com\/wp-content\/uploads\/2023\/08\/visifair-messe-stuttgart-768x376.jpg 768w, https:\/\/www.visitrans.com\/wp-content\/uploads\/2023\/08\/visifair-messe-stuttgart-1536x751.jpg 1536w, https:\/\/www.visitrans.com\/wp-content\/uploads\/2023\/08\/visifair-messe-stuttgart-18x9.jpg 18w, https:\/\/www.visitrans.com\/wp-content\/uploads\/2023\/08\/visifair-messe-stuttgart.jpg 2000w\" sizes=\"(max-width: 300px) 100vw, 300px\" \/><\/div><\/a>\n\t\t\t\t<div class=\"elementor-post__text\">\n\t\t\t\t<h3 class=\"elementor-post__title\">\n\t\t\t<a href=\"https:\/\/www.visitrans.com\/en\/messe-stuttgart-ab-09-24-visifair22\/\" >\n\t\t\t\tMesse Stuttgart: Ab 09\/23 VisiFair!\t\t\t<\/a>\n\t\t<\/h3>\n\t\t\t\t<div class=\"elementor-post__excerpt\">\n\t\t\t<p>VisiFair revolutionizes Messe Stuttgart from September '23: From satellite planning to automatic detection of \"hamster bookings\". Experience optimized trade fair operations, efficient set-up times and increased performance with our innovative SaaS service!<\/p>\n\t\t<\/div>\n\t\t\n\t\t<a class=\"elementor-post__read-more\" href=\"https:\/\/www.visitrans.com\/en\/messe-stuttgart-ab-09-24-visifair22\/\" aria-label=\"Read more about Messe Stuttgart: Ab 09\/23 VisiFair!\" tabindex=\"-1\" >\n\t\t\tRead more \u00bb\t\t<\/a>\n\n\t\t\t\t<\/div>\n\t\t\t\t\t<\/div>\n\t\t<\/article>\n\t\t\t\t<article class=\"elementor-post elementor-grid-item post-2163 post type-post status-publish format-standard has-post-thumbnail hentry category-allgemein\" role=\"listitem\">\n\t\t\t<div class=\"elementor-post__card\">\n\t\t\t\t<a class=\"elementor-post__thumbnail__link\" href=\"https:\/\/www.visitrans.com\/en\/90th-ufi-global-congress-in-las-vegas\/\" tabindex=\"-1\" ><div class=\"elementor-post__thumbnail\"><img loading=\"lazy\" decoding=\"async\" width=\"300\" height=\"300\" src=\"https:\/\/www.visitrans.com\/wp-content\/uploads\/2023\/07\/UFI-square-1080x1080-1-300x300-1.jpg\" class=\"attachment-medium size-medium wp-image-2164\" alt=\"\" srcset=\"https:\/\/www.visitrans.com\/wp-content\/uploads\/2023\/07\/UFI-square-1080x1080-1-300x300-1.jpg 300w, https:\/\/www.visitrans.com\/wp-content\/uploads\/2023\/07\/UFI-square-1080x1080-1-300x300-1-150x150.jpg 150w, https:\/\/www.visitrans.com\/wp-content\/uploads\/2023\/07\/UFI-square-1080x1080-1-300x300-1-12x12.jpg 12w\" sizes=\"(max-width: 300px) 100vw, 300px\" \/><\/div><\/a>\n\t\t\t\t<div class=\"elementor-post__text\">\n\t\t\t\t<h3 class=\"elementor-post__title\">\n\t\t\t<a href=\"https:\/\/www.visitrans.com\/en\/90th-ufi-global-congress-in-las-vegas\/\" >\n\t\t\t\t90th UFI Global Congress in Las Vegas\t\t\t<\/a>\n\t\t<\/h3>\n\t\t\t\t<div class=\"elementor-post__excerpt\">\n\t\t\t<p>From November 1-4, 2023, UFI will take place in Las Vegas. We look forward to attending UFI (United for Innovation) in Las Vegas. UFI<\/p>\n\t\t<\/div>\n\t\t\n\t\t<a class=\"elementor-post__read-more\" href=\"https:\/\/www.visitrans.com\/en\/90th-ufi-global-congress-in-las-vegas\/\" aria-label=\"Read more about 90th UFI Global Congress in Las Vegas\" tabindex=\"-1\" >\n\t\t\tRead more \u00bb\t\t<\/a>\n\n\t\t\t\t<\/div>\n\t\t\t\t\t<\/div>\n\t\t<\/article>\n\t\t\t\t<article class=\"elementor-post elementor-grid-item post-2151 post type-post status-publish format-standard has-post-thumbnail hentry category-allgemein\" role=\"listitem\">\n\t\t\t<div class=\"elementor-post__card\">\n\t\t\t\t<a class=\"elementor-post__thumbnail__link\" href=\"https:\/\/www.visitrans.com\/en\/unser-besuch-bei-der-ufi-in-maastricht\/\" tabindex=\"-1\" ><div class=\"elementor-post__thumbnail\"><img loading=\"lazy\" decoding=\"async\" width=\"300\" height=\"168\" src=\"https:\/\/www.visitrans.com\/wp-content\/uploads\/2023\/07\/ufi-maastricht-visitrans-300x168.jpg\" class=\"attachment-medium size-medium wp-image-2152\" alt=\"\" srcset=\"https:\/\/www.visitrans.com\/wp-content\/uploads\/2023\/07\/ufi-maastricht-visitrans-300x168.jpg 300w, https:\/\/www.visitrans.com\/wp-content\/uploads\/2023\/07\/ufi-maastricht-visitrans-1024x575.jpg 1024w, https:\/\/www.visitrans.com\/wp-content\/uploads\/2023\/07\/ufi-maastricht-visitrans-768x431.jpg 768w, https:\/\/www.visitrans.com\/wp-content\/uploads\/2023\/07\/ufi-maastricht-visitrans-18x10.jpg 18w, https:\/\/www.visitrans.com\/wp-content\/uploads\/2023\/07\/ufi-maastricht-visitrans.jpg 1300w\" sizes=\"(max-width: 300px) 100vw, 300px\" \/><\/div><\/a>\n\t\t\t\t<div class=\"elementor-post__text\">\n\t\t\t\t<h3 class=\"elementor-post__title\">\n\t\t\t<a href=\"https:\/\/www.visitrans.com\/en\/unser-besuch-bei-der-ufi-in-maastricht\/\" >\n\t\t\t\tOur visit to the UFI in Maastricht\t\t\t<\/a>\n\t\t<\/h3>\n\t\t\t\t<div class=\"elementor-post__excerpt\">\n\t\t\t<p>Good afternoon, dear readers! Today we would like to tell you about an unforgettable event that happened recently at the prestigious exhibition of the World Association of the Exhibition Industry UFI.<\/p>\n\t\t<\/div>\n\t\t\n\t\t<a class=\"elementor-post__read-more\" href=\"https:\/\/www.visitrans.com\/en\/unser-besuch-bei-der-ufi-in-maastricht\/\" aria-label=\"Read more about Unser Besuch bei der UFI in Maastricht\" tabindex=\"-1\" >\n\t\t\tRead more \u00bb\t\t<\/a>\n\n\t\t\t\t<\/div>\n\t\t\t\t\t<\/div>\n\t\t<\/article>\n\t\t\t\t<article class=\"elementor-post elementor-grid-item post-1577 post type-post status-publish format-standard has-post-thumbnail hentry category-allgemein\" role=\"listitem\">\n\t\t\t<div class=\"elementor-post__card\">\n\t\t\t\t<a class=\"elementor-post__thumbnail__link\" href=\"https:\/\/www.visitrans.com\/en\/visifair-im-einsatz-fuer-die-innotrans-2022-2\/\" tabindex=\"-1\" ><div class=\"elementor-post__thumbnail\"><img loading=\"lazy\" decoding=\"async\" width=\"300\" height=\"167\" src=\"https:\/\/www.visitrans.com\/wp-content\/uploads\/2023\/06\/ufi-the-global-association-of-the-exhibition-industry-vector-logo-300x167.png\" class=\"attachment-medium size-medium wp-image-1579\" alt=\"\" srcset=\"https:\/\/www.visitrans.com\/wp-content\/uploads\/2023\/06\/ufi-the-global-association-of-the-exhibition-industry-vector-logo-300x167.png 300w, https:\/\/www.visitrans.com\/wp-content\/uploads\/2023\/06\/ufi-the-global-association-of-the-exhibition-industry-vector-logo-768x427.png 768w, https:\/\/www.visitrans.com\/wp-content\/uploads\/2023\/06\/ufi-the-global-association-of-the-exhibition-industry-vector-logo-18x10.png 18w, https:\/\/www.visitrans.com\/wp-content\/uploads\/2023\/06\/ufi-the-global-association-of-the-exhibition-industry-vector-logo.png 900w\" sizes=\"(max-width: 300px) 100vw, 300px\" \/><\/div><\/a>\n\t\t\t\t<div class=\"elementor-post__text\">\n\t\t\t\t<h3 class=\"elementor-post__title\">\n\t\t\t<a href=\"https:\/\/www.visitrans.com\/en\/visifair-im-einsatz-fuer-die-innotrans-2022-2\/\" >\n\t\t\t\tVisiTrans GmbH at the World Association of the Exhibition Industry\t\t\t<\/a>\n\t\t<\/h3>\n\t\t\t\t<div class=\"elementor-post__excerpt\">\n\t\t\t<p>The World Association of the Exhibition Industry brings together those who build, maintain and support the world's marketplaces.<\/p>\n\t\t<\/div>\n\t\t\n\t\t<a class=\"elementor-post__read-more\" href=\"https:\/\/www.visitrans.com\/en\/visifair-im-einsatz-fuer-die-innotrans-2022-2\/\" aria-label=\"Read more about VisiTrans GmbH beim Weltverband der Messewirtschaft\" tabindex=\"-1\" >\n\t\t\tRead more \u00bb\t\t<\/a>\n\n\t\t\t\t<\/div>\n\t\t\t\t\t<\/div>\n\t\t<\/article>\n\t\t\t\t<article class=\"elementor-post elementor-grid-item post-154 post type-post status-publish format-standard has-post-thumbnail hentry category-allgemein\" role=\"listitem\">\n\t\t\t<div class=\"elementor-post__card\">\n\t\t\t\t<a class=\"elementor-post__thumbnail__link\" href=\"https:\/\/www.visitrans.com\/en\/visifair-im-einsatz-fuer-die-innotrans-2022\/\" tabindex=\"-1\" ><div class=\"elementor-post__thumbnail\"><img loading=\"lazy\" decoding=\"async\" width=\"300\" height=\"173\" src=\"https:\/\/www.visitrans.com\/wp-content\/uploads\/2021\/05\/AdobeStock_295900594-scaled-e1655996152875-300x173.jpeg\" class=\"attachment-medium size-medium wp-image-1101\" alt=\"\" srcset=\"https:\/\/www.visitrans.com\/wp-content\/uploads\/2021\/05\/AdobeStock_295900594-scaled-e1655996152875-300x173.jpeg 300w, https:\/\/www.visitrans.com\/wp-content\/uploads\/2021\/05\/AdobeStock_295900594-scaled-e1655996152875-1024x591.jpeg 1024w, https:\/\/www.visitrans.com\/wp-content\/uploads\/2021\/05\/AdobeStock_295900594-scaled-e1655996152875-768x443.jpeg 768w, https:\/\/www.visitrans.com\/wp-content\/uploads\/2021\/05\/AdobeStock_295900594-scaled-e1655996152875-1536x887.jpeg 1536w, https:\/\/www.visitrans.com\/wp-content\/uploads\/2021\/05\/AdobeStock_295900594-scaled-e1655996152875-2048x1182.jpeg 2048w\" sizes=\"(max-width: 300px) 100vw, 300px\" \/><\/div><\/a>\n\t\t\t\t<div class=\"elementor-post__text\">\n\t\t\t\t<h3 class=\"elementor-post__title\">\n\t\t\t<a href=\"https:\/\/www.visitrans.com\/en\/visifair-im-einsatz-fuer-die-innotrans-2022\/\" >\n\t\t\t\tVisiFair in use for the InnoTrans 2022\t\t\t<\/a>\n\t\t<\/h3>\n\t\t\t\t<div class=\"elementor-post__excerpt\">\n\t\t\t<p>InnoTrans is the leading international trade fair for transport technology. Alone 3500 running meters of track are available on the exhibition grounds to present the rail vehicles.<\/p>\n\t\t<\/div>\n\t\t\n\t\t<a class=\"elementor-post__read-more\" href=\"https:\/\/www.visitrans.com\/en\/visifair-im-einsatz-fuer-die-innotrans-2022\/\" aria-label=\"Read more about VisiFair im Einsatz f\u00fcr die InnoTrans 2022\" tabindex=\"-1\" >\n\t\t\tRead more \u00bb\t\t<\/a>\n\n\t\t\t\t<\/div>\n\t\t\t\t\t<\/div>\n\t\t<\/article>\n\t\t\t\t<article class=\"elementor-post elementor-grid-item post-152 post type-post status-publish format-standard has-post-thumbnail hentry category-allgemein\" role=\"listitem\">\n\t\t\t<div class=\"elementor-post__card\">\n\t\t\t\t<a class=\"elementor-post__thumbnail__link\" href=\"https:\/\/www.visitrans.com\/en\/visitrans-entwickelt-smart-fairground-software\/\" tabindex=\"-1\" ><div class=\"elementor-post__thumbnail\"><img loading=\"lazy\" decoding=\"async\" width=\"300\" height=\"173\" src=\"https:\/\/www.visitrans.com\/wp-content\/uploads\/2021\/01\/AdobeStock_241837129-scaled-e1655996204577-300x173.jpeg\" class=\"attachment-medium size-medium wp-image-1105\" alt=\"\" srcset=\"https:\/\/www.visitrans.com\/wp-content\/uploads\/2021\/01\/AdobeStock_241837129-scaled-e1655996204577-300x173.jpeg 300w, https:\/\/www.visitrans.com\/wp-content\/uploads\/2021\/01\/AdobeStock_241837129-scaled-e1655996204577-1024x591.jpeg 1024w, https:\/\/www.visitrans.com\/wp-content\/uploads\/2021\/01\/AdobeStock_241837129-scaled-e1655996204577-768x443.jpeg 768w, https:\/\/www.visitrans.com\/wp-content\/uploads\/2021\/01\/AdobeStock_241837129-scaled-e1655996204577-1536x887.jpeg 1536w, https:\/\/www.visitrans.com\/wp-content\/uploads\/2021\/01\/AdobeStock_241837129-scaled-e1655996204577-2048x1182.jpeg 2048w\" sizes=\"(max-width: 300px) 100vw, 300px\" \/><\/div><\/a>\n\t\t\t\t<div class=\"elementor-post__text\">\n\t\t\t\t<h3 class=\"elementor-post__title\">\n\t\t\t<a href=\"https:\/\/www.visitrans.com\/en\/visitrans-entwickelt-smart-fairground-software\/\" >\n\t\t\t\tVisiTrans develops Smart Fairground Software\t\t\t<\/a>\n\t\t<\/h3>\n\t\t\t\t<div class=\"elementor-post__excerpt\">\n\t\t\t<p>Trade fair centers - especially those located in the middle of a metropolitan catchment area - have the challenge of transferring multi-layered traffic to and from the site during the construction and dismantling of their events.<\/p>\n\t\t<\/div>\n\t\t\n\t\t<a class=\"elementor-post__read-more\" href=\"https:\/\/www.visitrans.com\/en\/visitrans-entwickelt-smart-fairground-software\/\" aria-label=\"Read more about VisiTrans entwickelt Smart Fairground Software\" tabindex=\"-1\" >\n\t\t\tRead more \u00bb\t\t<\/a>\n\n\t\t\t\t<\/div>\n\t\t\t\t\t<\/div>\n\t\t<\/article>\n\t\t\t\t<\/div>\n\t\t\n\t\t\t\t\t\t<\/div>\n\t\t\t\t<\/div>\n\t\t\t\t\t<\/div>\n\t\t<\/div>\n\t\t\t\t\t<\/div>\n\t\t<\/section>\n\t\t\t\t<section class=\"elementor-section elementor-top-section elementor-element elementor-element-14df4c5c elementor-section-boxed elementor-section-height-default elementor-section-height-default\" data-id=\"14df4c5c\" data-element_type=\"section\" data-e-type=\"section\" data-settings=\"{&quot;background_background&quot;:&quot;classic&quot;}\">\n\t\t\t\t\t\t<div class=\"elementor-container elementor-column-gap-default\">\n\t\t\t\t\t<div class=\"elementor-column elementor-col-100 elementor-top-column elementor-element elementor-element-356b2c22\" data-id=\"356b2c22\" data-element_type=\"column\" data-e-type=\"column\">\n\t\t\t<div class=\"elementor-widget-wrap\">\n\t\t\t\t\t\t\t<\/div>\n\t\t<\/div>\n\t\t\t\t\t<\/div>\n\t\t<\/section>\n\t\t\t\t<\/div>","protected":false},"excerpt":{"rendered":"<p>Something is going on with us!<\/p>","protected":false},"author":1,"featured_media":0,"parent":0,"menu_order":40,"comment_status":"closed","ping_status":"closed","template":"elementor_header_footer","meta":{"footnotes":""},"class_list":["post-301","page","type-page","status-publish","hentry"],"yoast_head":"<!-- This site is optimized with the Yoast SEO plugin v27.5 - https:\/\/yoast.com\/product\/yoast-seo-wordpress\/ -->\n<title>Blog - www.visitrans.com<\/title>\n<meta name=\"description\" content=\"News von VisiFair - Ihrem Partner f\u00fcr digitales Messe-Management. Anbieter des smarten Planungs- und Buchungssystems.\" \/>\n<meta name=\"robots\" content=\"index, follow, max-snippet:-1, max-image-preview:large, max-video-preview:-1\" \/>\n<link rel=\"canonical\" href=\"https:\/\/www.visitrans.com\/en\/blog\/\" \/>\n<meta property=\"og:locale\" content=\"en_US\" \/>\n<meta property=\"og:type\" content=\"article\" \/>\n<meta property=\"og:title\" content=\"Blog - www.visitrans.com\" \/>\n<meta property=\"og:description\" content=\"News von VisiFair - Ihrem Partner f\u00fcr digitales Messe-Management. Anbieter des smarten Planungs- und Buchungssystems.\" \/>\n<meta property=\"og:url\" content=\"https:\/\/www.visitrans.com\/en\/blog\/\" \/>\n<meta property=\"og:site_name\" content=\"www.visitrans.com\" \/>\n<meta property=\"article:modified_time\" content=\"2023-08-22T14:27:27+00:00\" \/>\n<meta name=\"twitter:card\" content=\"summary_large_image\" \/>\n<meta name=\"twitter:label1\" content=\"Est. reading time\" \/>\n\t<meta name=\"twitter:data1\" content=\"2 minutes\" \/>\n<script type=\"application\/ld+json\" class=\"yoast-schema-graph\">{\"@context\":\"https:\\\/\\\/schema.org\",\"@graph\":[{\"@type\":\"WebPage\",\"@id\":\"https:\\\/\\\/www.visitrans.com\\\/blog\\\/\",\"url\":\"https:\\\/\\\/www.visitrans.com\\\/blog\\\/\",\"name\":\"Blog - www.visitrans.com\",\"isPartOf\":{\"@id\":\"https:\\\/\\\/www.visitrans.com\\\/#website\"},\"datePublished\":\"2021-01-21T12:48:17+00:00\",\"dateModified\":\"2023-08-22T14:27:27+00:00\",\"description\":\"News von VisiFair - Ihrem Partner f\u00fcr digitales Messe-Management. Anbieter des smarten Planungs- und Buchungssystems.\",\"breadcrumb\":{\"@id\":\"https:\\\/\\\/www.visitrans.com\\\/blog\\\/#breadcrumb\"},\"inLanguage\":\"en-US\",\"potentialAction\":[{\"@type\":\"ReadAction\",\"target\":[\"https:\\\/\\\/www.visitrans.com\\\/blog\\\/\"]}]},{\"@type\":\"BreadcrumbList\",\"@id\":\"https:\\\/\\\/www.visitrans.com\\\/blog\\\/#breadcrumb\",\"itemListElement\":[{\"@type\":\"ListItem\",\"position\":1,\"name\":\"Home\",\"item\":\"https:\\\/\\\/www.visitrans.com\\\/\"},{\"@type\":\"ListItem\",\"position\":2,\"name\":\"Blog\"}]},{\"@type\":\"WebSite\",\"@id\":\"https:\\\/\\\/www.visitrans.com\\\/#website\",\"url\":\"https:\\\/\\\/www.visitrans.com\\\/\",\"name\":\"www.visitrans.com\",\"description\":\"The Logistics Digitizer\",\"publisher\":{\"@id\":\"https:\\\/\\\/www.visitrans.com\\\/#organization\"},\"potentialAction\":[{\"@type\":\"SearchAction\",\"target\":{\"@type\":\"EntryPoint\",\"urlTemplate\":\"https:\\\/\\\/www.visitrans.com\\\/?s={search_term_string}\"},\"query-input\":{\"@type\":\"PropertyValueSpecification\",\"valueRequired\":true,\"valueName\":\"search_term_string\"}}],\"inLanguage\":\"en-US\"},{\"@type\":\"Organization\",\"@id\":\"https:\\\/\\\/www.visitrans.com\\\/#organization\",\"name\":\"VisiFair.com\",\"url\":\"https:\\\/\\\/www.visitrans.com\\\/\",\"logo\":{\"@type\":\"ImageObject\",\"inLanguage\":\"en-US\",\"@id\":\"https:\\\/\\\/www.visitrans.com\\\/#\\\/schema\\\/logo\\\/image\\\/\",\"url\":\"https:\\\/\\\/www.visitrans.com\\\/wp-content\\\/uploads\\\/2021\\\/01\\\/cropped-visifair-logo-1.png\",\"contentUrl\":\"https:\\\/\\\/www.visitrans.com\\\/wp-content\\\/uploads\\\/2021\\\/01\\\/cropped-visifair-logo-1.png\",\"width\":458,\"height\":80,\"caption\":\"VisiFair.com\"},\"image\":{\"@id\":\"https:\\\/\\\/www.visitrans.com\\\/#\\\/schema\\\/logo\\\/image\\\/\"}}]}<\/script>\n<!-- \/ Yoast SEO plugin. -->","yoast_head_json":{"title":"Blog - www.visitrans.com","description":"News von VisiFair - Ihrem Partner f\u00fcr digitales Messe-Management. Anbieter des smarten Planungs- und Buchungssystems.","robots":{"index":"index","follow":"follow","max-snippet":"max-snippet:-1","max-image-preview":"max-image-preview:large","max-video-preview":"max-video-preview:-1"},"canonical":"https:\/\/www.visitrans.com\/en\/blog\/","og_locale":"en_US","og_type":"article","og_title":"Blog - www.visitrans.com","og_description":"News von VisiFair - Ihrem Partner f\u00fcr digitales Messe-Management. Anbieter des smarten Planungs- und Buchungssystems.","og_url":"https:\/\/www.visitrans.com\/en\/blog\/","og_site_name":"www.visitrans.com","article_modified_time":"2023-08-22T14:27:27+00:00","twitter_card":"summary_large_image","twitter_misc":{"Est. reading time":"2 minutes"},"schema":{"@context":"https:\/\/schema.org","@graph":[{"@type":"WebPage","@id":"https:\/\/www.visitrans.com\/blog\/","url":"https:\/\/www.visitrans.com\/blog\/","name":"Blog - www.visitrans.com","isPartOf":{"@id":"https:\/\/www.visitrans.com\/#website"},"datePublished":"2021-01-21T12:48:17+00:00","dateModified":"2023-08-22T14:27:27+00:00","description":"News von VisiFair - Ihrem Partner f\u00fcr digitales Messe-Management. Anbieter des smarten Planungs- und Buchungssystems.","breadcrumb":{"@id":"https:\/\/www.visitrans.com\/blog\/#breadcrumb"},"inLanguage":"en-US","potentialAction":[{"@type":"ReadAction","target":["https:\/\/www.visitrans.com\/blog\/"]}]},{"@type":"BreadcrumbList","@id":"https:\/\/www.visitrans.com\/blog\/#breadcrumb","itemListElement":[{"@type":"ListItem","position":1,"name":"Home","item":"https:\/\/www.visitrans.com\/"},{"@type":"ListItem","position":2,"name":"Blog"}]},{"@type":"WebSite","@id":"https:\/\/www.visitrans.com\/#website","url":"https:\/\/www.visitrans.com\/","name":"www.visitrans.com","description":"The Logistics Digitizer","publisher":{"@id":"https:\/\/www.visitrans.com\/#organization"},"potentialAction":[{"@type":"SearchAction","target":{"@type":"EntryPoint","urlTemplate":"https:\/\/www.visitrans.com\/?s={search_term_string}"},"query-input":{"@type":"PropertyValueSpecification","valueRequired":true,"valueName":"search_term_string"}}],"inLanguage":"en-US"},{"@type":"Organization","@id":"https:\/\/www.visitrans.com\/#organization","name":"VisiFair.com","url":"https:\/\/www.visitrans.com\/","logo":{"@type":"ImageObject","inLanguage":"en-US","@id":"https:\/\/www.visitrans.com\/#\/schema\/logo\/image\/","url":"https:\/\/www.visitrans.com\/wp-content\/uploads\/2021\/01\/cropped-visifair-logo-1.png","contentUrl":"https:\/\/www.visitrans.com\/wp-content\/uploads\/2021\/01\/cropped-visifair-logo-1.png","width":458,"height":80,"caption":"VisiFair.com"},"image":{"@id":"https:\/\/www.visitrans.com\/#\/schema\/logo\/image\/"}}]}},"_links":{"self":[{"href":"https:\/\/www.visitrans.com\/en\/wp-json\/wp\/v2\/pages\/301","targetHints":{"allow":["GET"]}}],"collection":[{"href":"https:\/\/www.visitrans.com\/en\/wp-json\/wp\/v2\/pages"}],"about":[{"href":"https:\/\/www.visitrans.com\/en\/wp-json\/wp\/v2\/types\/page"}],"author":[{"embeddable":true,"href":"https:\/\/www.visitrans.com\/en\/wp-json\/wp\/v2\/users\/1"}],"replies":[{"embeddable":true,"href":"https:\/\/www.visitrans.com\/en\/wp-json\/wp\/v2\/comments?post=301"}],"version-history":[{"count":109,"href":"https:\/\/www.visitrans.com\/en\/wp-json\/wp\/v2\/pages\/301\/revisions"}],"predecessor-version":[{"id":2949,"href":"https:\/\/www.visitrans.com\/en\/wp-json\/wp\/v2\/pages\/301\/revisions\/2949"}],"wp:attachment":[{"href":"https:\/\/www.visitrans.com\/en\/wp-json\/wp\/v2\/media?parent=301"}],"curies":[{"name":"wp","href":"https:\/\/api.w.org\/{rel}","templated":true}]}}